{"id":5853,"date":"2017-12-03T23:01:24","date_gmt":"2017-12-03T22:01:24","guid":{"rendered":"https:\/\/feetuphostels.com\/?page_id=5853"},"modified":"2024-11-07T10:05:40","modified_gmt":"2024-11-07T09:05:40","slug":"emplacement-home-youth-hostel-valencia","status":"publish","type":"page","link":"https:\/\/feetuphostels.com\/fr\/emplacement-home-youth-hostel-valencia\/","title":{"rendered":"Emplacement H\u00f4me Youth Hostel Valencia"},"content":{"rendered":"\n \n\n<h1 class=\"wp-block-heading has-text-align-center\" id=\"h-location-home-youth-hostel\">Emplacement H\u00f4me Youth Hostel<\/h1>\n\n<p>Bienvenue sur notre page de localisation et notre guide pour savoir comment se rendre \u00e0 l&rsquo;<a href=\"https:\/\/feetuphostels.com\/fr\/auberges-jeunesse-valence\/\" target=\"_blank\" rel=\"noopener\">auberge de jeunesse H\u00f4me de Valence<\/a>. Si tu pr\u00e9pares ton voyage dans cette merveilleuse ville, nous sommes l\u00e0 pour t&rsquo;aider \u00e0 arriver sans encombre. C&rsquo;est parti !<\/p>\n\n<h3 class=\"wp-block-heading\">Comment se rendre \u00e0 l&rsquo;auberge de jeunesse H\u00f4me Valencia<\/h3>\n\n<h4 class=\"wp-block-heading\">Depuis l&rsquo;<a href=\"https:\/\/www.aena.es\/es\/valencia.html\" target=\"_blank\" rel=\"noopener\">a\u00e9roport de Valence<\/a><\/h4>\n\n<ol class=\"wp-block-list\">\n<li>M\u00e9tro : La ligne de m\u00e9tro 3 ou 5 te conduira de l&rsquo;a\u00e9roport \u00e0 la station X\u00e0tiva en 25 minutes environ. Ensuite, il te suffit de marcher environ 10 minutes jusqu&rsquo;\u00e0 l&rsquo;auberge. C&rsquo;est probablement l&rsquo;option la plus \u00e9conomique et la plus rapide.<\/li>\n\n\n\n<li><em>Taxi<\/em>: Si tu pr\u00e9f\u00e8res prendre un taxi, le trajet de l&rsquo;a\u00e9roport \u00e0 l&rsquo;auberge devrait durer environ 20 minutes. C&rsquo;est plus cher que le m\u00e9tro, mais cela peut \u00eatre plus pratique si tu as beaucoup de bagages.<\/li>\n<\/ol>\n\n<h4 class=\"wp-block-heading\">Joaqu\u00edn Sorolla Train Station<\/h4>\n\n<ol class=\"wp-block-list\">\n<li><em>\u00c0 pied<\/em>: Si cela ne te d\u00e9range pas de marcher un peu, tu peux rejoindre l&rsquo;auberge en 25 minutes environ.<\/li>\n\n\n\n<li><em>M\u00e9tro<\/em>: Tu peux prendre la ligne 1 de la station Joaqu\u00edn Sorolla jusqu&rsquo;\u00e0 la station X\u00e0tiva. De l\u00e0, l&rsquo;auberge est \u00e0 environ 10 minutes \u00e0 pied.<\/li>\n<\/ol>\n\n<h4 class=\"wp-block-heading\">Depuis la gare du Nord<\/h4>\n\n<ol class=\"wp-block-list\">\n<li><em>\u00c0 pied<\/em>: Depuis la gare du Nord, l&rsquo;auberge de jeunesse H\u00f4me se trouve \u00e0 environ 10 minutes de marche.<\/li>\n<\/ol>\n\n<h3 class=\"wp-block-heading\">H\u00f4me Youth Hostel Valencia Adresse<\/h3>\n\n<p>L&rsquo;auberge de jeunesse H\u00f4me de Valence est situ\u00e9e \u00e0 Calle la Lonja 4, en plein centre historique de Valence. Elle se trouve \u00e0 quelques pas de la Lonja de la Seda et \u00e0 quelques minutes de la cath\u00e9drale de Valence.<\/p>\n\n<h3 class=\"wp-block-heading\">Les environs<\/h3>\n\n<p>Dans les environs de l&rsquo;auberge, tu trouveras de nombreux bars, restaurants et boutiques. Elle est \u00e9galement tr\u00e8s proche de la Plaza de la Virgen et de la Plaza de la Reina, deux des lieux les plus embl\u00e9matiques de Valence.<\/p>\n\n<hr class=\"wp-block-separator has-alpha-channel-opacity\"\/>\n\n<p>Nous esp\u00e9rons que ce guide te sera utile pour te rendre \u00e0 l&rsquo;auberge de jeunesse H\u00f4me de Valence. Si tu as d&rsquo;autres questions, n&rsquo;h\u00e9site pas \u00e0 les poser ! Bon voyage !<\/p>\n\n<h2 class=\"wp-block-heading\" id=\"h-parking-and-interest-information\">Informations sur le stationnement et les int\u00e9r\u00eats<\/h2>\n\n<ul class=\"wp-block-list\">\n<li>Vous pouvez vous garer dans la rue, car il n&rsquo;y a pas de frais ou de frais de stationnement.<\/li>\n<\/ul>\n\n<h3 class=\"wp-block-heading\" id=\"h-important\">Important<\/h3>\n\n<p>Vous pouvez acheter diff\u00e9rents types de cartes de voyage( cartes de voyage), en fonction de la dur\u00e9e de votre s\u00e9jour \u00e0 Valence:<\/p>\n\n<ul class=\"wp-block-list\">\n<li>Bonobos individuels de 10 trajets d&rsquo;une dur\u00e9e de 1 heure pour chaque trajet (bus uniquement) 9\u20ac.<\/li>\n\n\n\n<li>Bonometto pour 10 trajets, chaque trajet est valable jusqu&rsquo;\u00e0 ce que vous quittiez le m\u00e9tro (c&rsquo;est-\u00e0-dire que vous pouvez changer de ligne) 9\u20ac.<\/li>\n\n\n\n<li>Metrobus, un billet combin\u00e9 que vous pouvez utiliser dans le m\u00e9tro et le bus. (\u20ac9)<\/li>\n\n\n\n<li>If you need a bike, you can rent it in our youth hostel and so you will pay the cheapest price in the city.<\/li>\n<\/ul>\n\n<p>Pour plus d&rsquo;informations sur les tickets de bus, ainsi que sur les lignes et les horaires, tu peux visiter le site officiel de l&rsquo;Entreprise Municipale de Transport (EMT).&#13;\nSi tu veux plus d&rsquo;informations sur le m\u00e9tro de Valence, les horaires, les dates et plus de d\u00e9tails, tu peux visiter le site officiel du m\u00e9tro de Valence.&#13;\nDe plus, si tu es un amoureux du v\u00e9lo et que tu pr\u00e9f\u00e8res profiter de Valence \u00e0 v\u00e9lo, tu peux visiter le site officiel de Valenbisi.<\/p>\n\n<h3 class=\"wp-block-heading\" id=\"h-places-that-we-have-very-close\">Des endroits que nous avons tr\u00e8s proches.<\/h3>\n\n<ul class=\"wp-block-list\">\n<li>Lonja de la Seda de Valencia.<\/li>\n\n\n\n<li>March\u00e9 central.<\/li>\n\n\n\n<li>Le centre historique de Valence.<\/li>\n\n\n\n<li>Cath\u00e9drale de Valence.<\/li>\n\n\n\n<li>Tour du Miguelete.<\/li>\n\n\n\n<li>Plaza de Manises.<\/li>\n\n\n\n<li>Bas\u00edlica de la Virgen de los Desamparados.<\/li>\n\n\n\n<li>Archidi\u00f3cesis de Valencia.<\/li>\n\n\n\n<li>Quartier de Carmen.<\/li>\n<\/ul>\n\n<p><\/p>\n","protected":false},"excerpt":{"rendered":"<p>Emplacement H\u00f4me Youth Hostel Valencia. dans la vieille ville, derri\u00e8re la Lonja de Seda. Tr\u00e8s proche des transports en commun (bus, m\u00e9tro, v\u00e9los) Accommodation H\u00e9bergement pas cher. Si vous \u00eates \u00e0 la recherche d&rsquo;une auberge dans le centre de Valence, notre auberge de jeunesse H\u00f4me Valencia est l&rsquo;endroit que vous recherchez \u00e0 Valence, venez \u00e0 Valence et r\u00e9servez votre lit \u00e0 Valence<\/p>\n","protected":false},"author":13,"featured_media":206257,"parent":0,"menu_order":0,"comment_status":"closed","ping_status":"closed","template":"","meta":{"footnotes":""},"class_list":["post-5853","page","type-page","status-publish","has-post-thumbnail","hentry"],"yoast_head":"<!-- This site is optimized with the Yoast SEO plugin v27.5 - https:\/\/yoast.com\/product\/yoast-seo-wordpress\/ -->\n<title>Emplacement del H\u00f4me Youth Hostel Valencia\u00ae dans le centre de Valence<\/title>\n<meta name=\"description\" content=\"Emplacement H\u00f4me Youth Valencia \u00ae dans la vieille ville, derri\u00e8re la Lonja de Seda. Tr\u00e8s proche des transports en commun (bus, m\u00e9tro, v\u00e9los)\" \/>\n<meta name=\"robots\" content=\"index, follow, max-snippet:-1, max-image-preview:large, max-video-preview:-1\" \/>\n<link rel=\"canonical\" href=\"https:\/\/feetuphostels.com\/fr\/emplacement-home-youth-hostel-valencia\/\" \/>\n<meta property=\"og:locale\" content=\"fr_FR\" \/>\n<meta property=\"og:type\" content=\"article\" \/>\n<meta property=\"og:title\" content=\"Emplacement del H\u00f4me Youth Hostel Valencia\u00ae dans le centre de Valence\" \/>\n<meta property=\"og:description\" content=\"Emplacement H\u00f4me Youth Valencia \u00ae dans la vieille ville, derri\u00e8re la Lonja de Seda. Tr\u00e8s proche des transports en commun (bus, m\u00e9tro, v\u00e9los)\" \/>\n<meta property=\"og:url\" content=\"https:\/\/feetuphostels.com\/fr\/emplacement-home-youth-hostel-valencia\/\" \/>\n<meta property=\"og:site_name\" content=\"Feet Up Hostels\" \/>\n<meta property=\"article:publisher\" content=\"https:\/\/facebook.com\/feetuphostelsgroup\" \/>\n<meta property=\"article:modified_time\" content=\"2024-11-07T09:05:40+00:00\" \/>\n<meta property=\"og:image\" content=\"https:\/\/feetuphostels.com\/wp-content\/uploads\/2022\/12\/location-home-youth-hostel-valencia.jpg\" \/>\n\t<meta property=\"og:image:width\" content=\"900\" \/>\n\t<meta property=\"og:image:height\" content=\"600\" \/>\n\t<meta property=\"og:image:type\" content=\"image\/jpeg\" \/>\n<meta name=\"twitter:card\" content=\"summary_large_image\" \/>\n<meta name=\"twitter:site\" content=\"@feetuphostels\" \/>\n<meta name=\"twitter:label1\" content=\"Dur\u00e9e de lecture estim\u00e9e\" \/>\n\t<meta name=\"twitter:data1\" content=\"3 minutes\" \/>\n<script type=\"application\/ld+json\" class=\"yoast-schema-graph\">{\"@context\":\"https:\\\/\\\/schema.org\",\"@graph\":[{\"@type\":\"WebPage\",\"@id\":\"https:\\\/\\\/feetuphostels.com\\\/fr\\\/emplacement-home-youth-hostel-valencia\\\/\",\"url\":\"https:\\\/\\\/feetuphostels.com\\\/fr\\\/emplacement-home-youth-hostel-valencia\\\/\",\"name\":\"Emplacement del H\u00f4me Youth Hostel Valencia\u00ae dans le centre de Valence\",\"isPartOf\":{\"@id\":\"https:\\\/\\\/feetuphostels.com\\\/fr\\\/#website\"},\"primaryImageOfPage\":{\"@id\":\"https:\\\/\\\/feetuphostels.com\\\/fr\\\/emplacement-home-youth-hostel-valencia\\\/#primaryimage\"},\"image\":{\"@id\":\"https:\\\/\\\/feetuphostels.com\\\/fr\\\/emplacement-home-youth-hostel-valencia\\\/#primaryimage\"},\"thumbnailUrl\":\"https:\\\/\\\/feetuphostels.com\\\/wp-content\\\/uploads\\\/2022\\\/12\\\/location-home-youth-hostel-valencia.jpg\",\"datePublished\":\"2017-12-03T22:01:24+00:00\",\"dateModified\":\"2024-11-07T09:05:40+00:00\",\"description\":\"Emplacement H\u00f4me Youth Valencia \u00ae dans la vieille ville, derri\u00e8re la Lonja de Seda. Tr\u00e8s proche des transports en commun (bus, m\u00e9tro, v\u00e9los)\",\"breadcrumb\":{\"@id\":\"https:\\\/\\\/feetuphostels.com\\\/fr\\\/emplacement-home-youth-hostel-valencia\\\/#breadcrumb\"},\"inLanguage\":\"fr-FR\",\"potentialAction\":[{\"@type\":\"ReadAction\",\"target\":[\"https:\\\/\\\/feetuphostels.com\\\/fr\\\/emplacement-home-youth-hostel-valencia\\\/\"]}]},{\"@type\":\"ImageObject\",\"inLanguage\":\"fr-FR\",\"@id\":\"https:\\\/\\\/feetuphostels.com\\\/fr\\\/emplacement-home-youth-hostel-valencia\\\/#primaryimage\",\"url\":\"https:\\\/\\\/feetuphostels.com\\\/wp-content\\\/uploads\\\/2022\\\/12\\\/location-home-youth-hostel-valencia.jpg\",\"contentUrl\":\"https:\\\/\\\/feetuphostels.com\\\/wp-content\\\/uploads\\\/2022\\\/12\\\/location-home-youth-hostel-valencia.jpg\",\"width\":900,\"height\":600,\"caption\":\"Situation de l'auberge de jeunesse H\u00f4me de Valence\"},{\"@type\":\"BreadcrumbList\",\"@id\":\"https:\\\/\\\/feetuphostels.com\\\/fr\\\/emplacement-home-youth-hostel-valencia\\\/#breadcrumb\",\"itemListElement\":[{\"@type\":\"ListItem\",\"position\":1,\"name\":\"Home\",\"item\":\"https:\\\/\\\/feetuphostels.com\\\/fr\\\/\"},{\"@type\":\"ListItem\",\"position\":2,\"name\":\"Emplacement H\u00f4me Youth Hostel Valencia\"}]},{\"@type\":\"WebSite\",\"@id\":\"https:\\\/\\\/feetuphostels.com\\\/fr\\\/#website\",\"url\":\"https:\\\/\\\/feetuphostels.com\\\/fr\\\/\",\"name\":\"Feet Up Hostels\",\"description\":\"Auberges de jeunesse et h\u00e9bergement \u00e0 Valence, Espagne. Nous sommes des sp\u00e9cialistes de la convivialit\u00e9\",\"publisher\":{\"@id\":\"https:\\\/\\\/feetuphostels.com\\\/fr\\\/#organization\"},\"alternateName\":\"Feet Up Hostels\",\"potentialAction\":[{\"@type\":\"SearchAction\",\"target\":{\"@type\":\"EntryPoint\",\"urlTemplate\":\"https:\\\/\\\/feetuphostels.com\\\/fr\\\/?s={search_term_string}\"},\"query-input\":{\"@type\":\"PropertyValueSpecification\",\"valueRequired\":true,\"valueName\":\"search_term_string\"}}],\"inLanguage\":\"fr-FR\"},{\"@type\":\"Organization\",\"@id\":\"https:\\\/\\\/feetuphostels.com\\\/fr\\\/#organization\",\"name\":\"Feet Up Hostels\",\"alternateName\":\"Feet Up Hostels\",\"url\":\"https:\\\/\\\/feetuphostels.com\\\/fr\\\/\",\"logo\":{\"@type\":\"ImageObject\",\"inLanguage\":\"fr-FR\",\"@id\":\"https:\\\/\\\/feetuphostels.com\\\/fr\\\/#\\\/schema\\\/logo\\\/image\\\/\",\"url\":\"https:\\\/\\\/feetuphostels.com\\\/wp-content\\\/uploads\\\/2019\\\/01\\\/logo-web-amp-feetuphostels.svg\",\"contentUrl\":\"https:\\\/\\\/feetuphostels.com\\\/wp-content\\\/uploads\\\/2019\\\/01\\\/logo-web-amp-feetuphostels.svg\",\"width\":1,\"height\":1,\"caption\":\"Feet Up Hostels\"},\"image\":{\"@id\":\"https:\\\/\\\/feetuphostels.com\\\/fr\\\/#\\\/schema\\\/logo\\\/image\\\/\"},\"sameAs\":[\"https:\\\/\\\/facebook.com\\\/feetuphostelsgroup\",\"https:\\\/\\\/x.com\\\/feetuphostels\",\"https:\\\/\\\/www.instagram.com\\\/feetuphostels\\\/\",\"https:\\\/\\\/www.tiktok.com\\\/@feetuphostels\",\"https:\\\/\\\/www.linkedin.com\\\/company\\\/feetuphostelsgroup\\\/\",\"https:\\\/\\\/www.pinterest.es\\\/FeetupHostels\\\/\",\"https:\\\/\\\/www.youtube.com\\\/feetuphostels\"]}]}<\/script>\n<!-- \/ Yoast SEO plugin. -->","yoast_head_json":{"title":"Emplacement del H\u00f4me Youth Hostel Valencia\u00ae dans le centre de Valence","description":"Emplacement H\u00f4me Youth Valencia \u00ae dans la vieille ville, derri\u00e8re la Lonja de Seda. Tr\u00e8s proche des transports en commun (bus, m\u00e9tro, v\u00e9los)","robots":{"index":"index","follow":"follow","max-snippet":"max-snippet:-1","max-image-preview":"max-image-preview:large","max-video-preview":"max-video-preview:-1"},"canonical":"https:\/\/feetuphostels.com\/fr\/emplacement-home-youth-hostel-valencia\/","og_locale":"fr_FR","og_type":"article","og_title":"Emplacement del H\u00f4me Youth Hostel Valencia\u00ae dans le centre de Valence","og_description":"Emplacement H\u00f4me Youth Valencia \u00ae dans la vieille ville, derri\u00e8re la Lonja de Seda. Tr\u00e8s proche des transports en commun (bus, m\u00e9tro, v\u00e9los)","og_url":"https:\/\/feetuphostels.com\/fr\/emplacement-home-youth-hostel-valencia\/","og_site_name":"Feet Up Hostels","article_publisher":"https:\/\/facebook.com\/feetuphostelsgroup","article_modified_time":"2024-11-07T09:05:40+00:00","og_image":[{"width":900,"height":600,"url":"https:\/\/feetuphostels.com\/wp-content\/uploads\/2022\/12\/location-home-youth-hostel-valencia.jpg","type":"image\/jpeg"}],"twitter_card":"summary_large_image","twitter_site":"@feetuphostels","twitter_misc":{"Dur\u00e9e de lecture estim\u00e9e":"3 minutes"},"schema":{"@context":"https:\/\/schema.org","@graph":[{"@type":"WebPage","@id":"https:\/\/feetuphostels.com\/fr\/emplacement-home-youth-hostel-valencia\/","url":"https:\/\/feetuphostels.com\/fr\/emplacement-home-youth-hostel-valencia\/","name":"Emplacement del H\u00f4me Youth Hostel Valencia\u00ae dans le centre de Valence","isPartOf":{"@id":"https:\/\/feetuphostels.com\/fr\/#website"},"primaryImageOfPage":{"@id":"https:\/\/feetuphostels.com\/fr\/emplacement-home-youth-hostel-valencia\/#primaryimage"},"image":{"@id":"https:\/\/feetuphostels.com\/fr\/emplacement-home-youth-hostel-valencia\/#primaryimage"},"thumbnailUrl":"https:\/\/feetuphostels.com\/wp-content\/uploads\/2022\/12\/location-home-youth-hostel-valencia.jpg","datePublished":"2017-12-03T22:01:24+00:00","dateModified":"2024-11-07T09:05:40+00:00","description":"Emplacement H\u00f4me Youth Valencia \u00ae dans la vieille ville, derri\u00e8re la Lonja de Seda. Tr\u00e8s proche des transports en commun (bus, m\u00e9tro, v\u00e9los)","breadcrumb":{"@id":"https:\/\/feetuphostels.com\/fr\/emplacement-home-youth-hostel-valencia\/#breadcrumb"},"inLanguage":"fr-FR","potentialAction":[{"@type":"ReadAction","target":["https:\/\/feetuphostels.com\/fr\/emplacement-home-youth-hostel-valencia\/"]}]},{"@type":"ImageObject","inLanguage":"fr-FR","@id":"https:\/\/feetuphostels.com\/fr\/emplacement-home-youth-hostel-valencia\/#primaryimage","url":"https:\/\/feetuphostels.com\/wp-content\/uploads\/2022\/12\/location-home-youth-hostel-valencia.jpg","contentUrl":"https:\/\/feetuphostels.com\/wp-content\/uploads\/2022\/12\/location-home-youth-hostel-valencia.jpg","width":900,"height":600,"caption":"Situation de l'auberge de jeunesse H\u00f4me de Valence"},{"@type":"BreadcrumbList","@id":"https:\/\/feetuphostels.com\/fr\/emplacement-home-youth-hostel-valencia\/#breadcrumb","itemListElement":[{"@type":"ListItem","position":1,"name":"Home","item":"https:\/\/feetuphostels.com\/fr\/"},{"@type":"ListItem","position":2,"name":"Emplacement H\u00f4me Youth Hostel Valencia"}]},{"@type":"WebSite","@id":"https:\/\/feetuphostels.com\/fr\/#website","url":"https:\/\/feetuphostels.com\/fr\/","name":"Feet Up Hostels","description":"Auberges de jeunesse et h\u00e9bergement \u00e0 Valence, Espagne. Nous sommes des sp\u00e9cialistes de la convivialit\u00e9","publisher":{"@id":"https:\/\/feetuphostels.com\/fr\/#organization"},"alternateName":"Feet Up Hostels","potentialAction":[{"@type":"SearchAction","target":{"@type":"EntryPoint","urlTemplate":"https:\/\/feetuphostels.com\/fr\/?s={search_term_string}"},"query-input":{"@type":"PropertyValueSpecification","valueRequired":true,"valueName":"search_term_string"}}],"inLanguage":"fr-FR"},{"@type":"Organization","@id":"https:\/\/feetuphostels.com\/fr\/#organization","name":"Feet Up Hostels","alternateName":"Feet Up Hostels","url":"https:\/\/feetuphostels.com\/fr\/","logo":{"@type":"ImageObject","inLanguage":"fr-FR","@id":"https:\/\/feetuphostels.com\/fr\/#\/schema\/logo\/image\/","url":"https:\/\/feetuphostels.com\/wp-content\/uploads\/2019\/01\/logo-web-amp-feetuphostels.svg","contentUrl":"https:\/\/feetuphostels.com\/wp-content\/uploads\/2019\/01\/logo-web-amp-feetuphostels.svg","width":1,"height":1,"caption":"Feet Up Hostels"},"image":{"@id":"https:\/\/feetuphostels.com\/fr\/#\/schema\/logo\/image\/"},"sameAs":["https:\/\/facebook.com\/feetuphostelsgroup","https:\/\/x.com\/feetuphostels","https:\/\/www.instagram.com\/feetuphostels\/","https:\/\/www.tiktok.com\/@feetuphostels","https:\/\/www.linkedin.com\/company\/feetuphostelsgroup\/","https:\/\/www.pinterest.es\/FeetupHostels\/","https:\/\/www.youtube.com\/feetuphostels"]}]}},"_links":{"self":[{"href":"https:\/\/feetuphostels.com\/fr\/wp-json\/wp\/v2\/pages\/5853","targetHints":{"allow":["GET"]}}],"collection":[{"href":"https:\/\/feetuphostels.com\/fr\/wp-json\/wp\/v2\/pages"}],"about":[{"href":"https:\/\/feetuphostels.com\/fr\/wp-json\/wp\/v2\/types\/page"}],"author":[{"embeddable":true,"href":"https:\/\/feetuphostels.com\/fr\/wp-json\/wp\/v2\/users\/13"}],"replies":[{"embeddable":true,"href":"https:\/\/feetuphostels.com\/fr\/wp-json\/wp\/v2\/comments?post=5853"}],"version-history":[{"count":0,"href":"https:\/\/feetuphostels.com\/fr\/wp-json\/wp\/v2\/pages\/5853\/revisions"}],"wp:featuredmedia":[{"embeddable":true,"href":"https:\/\/feetuphostels.com\/fr\/wp-json\/wp\/v2\/media\/206257"}],"wp:attachment":[{"href":"https:\/\/feetuphostels.com\/fr\/wp-json\/wp\/v2\/media?parent=5853"}],"curies":[{"name":"wp","href":"https:\/\/api.w.org\/{rel}","templated":true}]}}